{"id":579,"date":"2026-01-29T10:18:52","date_gmt":"2026-01-29T09:18:52","guid":{"rendered":"https:\/\/web-mmi.iutbeziers.fr\/marathon_2026\/marathon_2026_08\/wordpress\/?page_id=579"},"modified":"2026-01-29T23:03:09","modified_gmt":"2026-01-29T22:03:09","slug":"equipe","status":"publish","type":"page","link":"https:\/\/www.lva-oz.fr\/?page_id=579","title":{"rendered":"\u00c9quipe"},"content":{"rendered":"\t\t<div data-elementor-type=\"wp-page\" data-elementor-id=\"579\" class=\"elementor elementor-579\">\n\t\t\t\t<div class=\"elementor-element elementor-element-92e81e2 e-con-full e-flex wpr-particle-no wpr-jarallax-no wpr-parallax-no wpr-sticky-section-no e-con e-parent\" data-id=\"92e81e2\" data-element_type=\"container\" data-e-type=\"container\" data-settings=\"{&quot;background_background&quot;:&quot;classic&quot;}\">\n\t\t\t\t<div class=\"elementor-element elementor-element-475ee33 elementor-widget elementor-widget-text-editor\" data-id=\"475ee33\" data-element_type=\"widget\" data-e-type=\"widget\" data-widget_type=\"text-editor.default\">\n\t\t\t\t\t\t\t\t\t<p data-start=\"763\" data-end=\"823\">\u00ab Une \u00e9quipe engag\u00e9e, pr\u00e9sente et profond\u00e9ment humaine \u00bb<\/p>\t\t\t\t\t\t\t\t<\/div>\n\t\t\t\t<\/div>\n\t\t<div class=\"elementor-element elementor-element-f7e6cd5 e-flex e-con-boxed wpr-particle-no wpr-jarallax-no wpr-parallax-no wpr-sticky-section-no e-con e-parent\" data-id=\"f7e6cd5\" data-element_type=\"container\" data-e-type=\"container\" data-settings=\"{&quot;background_background&quot;:&quot;classic&quot;}\">\n\t\t\t\t\t<div class=\"e-con-inner\">\n\t\t<div class=\"elementor-element elementor-element-b36aeb1 e-con-full e-flex wpr-particle-no wpr-jarallax-no wpr-parallax-no wpr-sticky-section-no e-con e-child\" data-id=\"b36aeb1\" data-element_type=\"container\" data-e-type=\"container\">\n\t\t\t\t<div class=\"elementor-element elementor-element-ad3fe70 elementor-widget elementor-widget-heading\" data-id=\"ad3fe70\" data-element_type=\"widget\" data-e-type=\"widget\" data-widget_type=\"heading.default\">\n\t\t\t\t\t<h2 class=\"elementor-heading-title elementor-size-default\">Une \u00e9quipe engag\u00e9e<\/h2>\t\t\t\t<\/div>\n\t\t\t\t<div class=\"elementor-element elementor-element-64944ec elementor-widget elementor-widget-text-editor\" data-id=\"64944ec\" data-element_type=\"widget\" data-e-type=\"widget\" data-widget_type=\"text-editor.default\">\n\t\t\t\t\t\t\t\t\t<p data-start=\"437\" data-end=\"707\">L\u2019\u00e9quipe du Lieu de Vie et d\u2019Accueil \u00d4z est compos\u00e9e de professionnels engag\u00e9s dans la protection de l\u2019enfance. Elle partage une m\u00eame vision \u00e9ducative et s\u2019inscrit dans une d\u00e9marche commune, fond\u00e9e sur la bientraitance, la coh\u00e9rence et la continuit\u00e9 de l\u2019accompagnement.<\/p><p data-start=\"709\" data-end=\"837\">La taille humaine de l\u2019\u00e9quipe permet une pr\u00e9sence \u00e9ducative r\u00e9guli\u00e8re et une disponibilit\u00e9 r\u00e9elle aupr\u00e8s des enfants accueillis.<\/p>\t\t\t\t\t\t\t\t<\/div>\n\t\t\t\t<\/div>\n\t\t<div class=\"elementor-element elementor-element-37cbe7f e-con-full e-flex wpr-particle-no wpr-jarallax-no wpr-parallax-no wpr-sticky-section-no e-con e-child\" data-id=\"37cbe7f\" data-element_type=\"container\" data-e-type=\"container\">\n\t\t\t\t<div class=\"elementor-element elementor-element-81403a3 elementor-widget elementor-widget-image\" data-id=\"81403a3\" data-element_type=\"widget\" data-e-type=\"widget\" data-widget_type=\"image.default\">\n\t\t\t\t\t\t\t\t\t\t\t\t\t\t\t<img fetchpriority=\"high\" decoding=\"async\" width=\"1024\" height=\"829\" src=\"https:\/\/www.lva-oz.fr\/wp-content\/uploads\/2026\/01\/team-spirit-2447163-1024x829.jpg\" class=\"attachment-large size-large wp-image-786\" alt=\"\" srcset=\"https:\/\/www.lva-oz.fr\/wp-content\/uploads\/2026\/01\/team-spirit-2447163-1024x829.jpg 1024w, https:\/\/www.lva-oz.fr\/wp-content\/uploads\/2026\/01\/team-spirit-2447163-300x243.jpg 300w, https:\/\/www.lva-oz.fr\/wp-content\/uploads\/2026\/01\/team-spirit-2447163-768x622.jpg 768w, https:\/\/www.lva-oz.fr\/wp-content\/uploads\/2026\/01\/team-spirit-2447163-1536x1244.jpg 1536w, https:\/\/www.lva-oz.fr\/wp-content\/uploads\/2026\/01\/team-spirit-2447163-2048x1659.jpg 2048w\" sizes=\"(max-width: 1024px) 100vw, 1024px\" \/>\t\t\t\t\t\t\t\t\t\t\t\t\t\t\t<\/div>\n\t\t\t\t<\/div>\n\t\t\t\t\t<\/div>\n\t\t\t\t<\/div>\n\t\t<div class=\"elementor-element elementor-element-d372519 e-flex e-con-boxed wpr-particle-no wpr-jarallax-no wpr-parallax-no wpr-sticky-section-no e-con e-parent\" data-id=\"d372519\" data-element_type=\"container\" data-e-type=\"container\">\n\t\t\t\t\t<div class=\"e-con-inner\">\n\t\t\t\t<div class=\"elementor-element elementor-element-60e0c92 elementor-widget elementor-widget-heading\" data-id=\"60e0c92\" data-element_type=\"widget\" data-e-type=\"widget\" data-widget_type=\"heading.default\">\n\t\t\t\t\t<h2 class=\"elementor-heading-title elementor-size-default\">Une pr\u00e9sence professionnelle au quotidien<\/h2>\t\t\t\t<\/div>\n\t\t\t\t<div class=\"elementor-element elementor-element-5be21fd elementor-widget elementor-widget-text-editor\" data-id=\"5be21fd\" data-element_type=\"widget\" data-e-type=\"widget\" data-widget_type=\"text-editor.default\">\n\t\t\t\t\t\t\t\t\t<p data-start=\"890\" data-end=\"1099\">L\u2019\u00e9quipe \u00e9ducative assure une pr\u00e9sence constante au sein du lieu de vie. Cette continuit\u00e9 permet de s\u00e9curiser les enfants, de poser un cadre clair et de construire des relations \u00e9ducatives fiables et durables.<\/p><p data-start=\"1101\" data-end=\"1226\">Le travail \u00e9ducatif s\u2019inscrit dans le quotidien partag\u00e9 et repose sur l\u2019observation, l\u2019\u00e9coute et l\u2019accompagnement progressif.<\/p>\t\t\t\t\t\t\t\t<\/div>\n\t\t\t\t<div class=\"elementor-element elementor-element-9f442c5 elementor-widget-divider--view-line elementor-widget elementor-widget-divider\" data-id=\"9f442c5\" data-element_type=\"widget\" data-e-type=\"widget\" data-widget_type=\"divider.default\">\n\t\t\t\t\t\t\t<div class=\"elementor-divider\">\n\t\t\t<span class=\"elementor-divider-separator\">\n\t\t\t\t\t\t<\/span>\n\t\t<\/div>\n\t\t\t\t\t\t<\/div>\n\t\t\t\t<div class=\"elementor-element elementor-element-4ca2f81 elementor-widget elementor-widget-heading\" data-id=\"4ca2f81\" data-element_type=\"widget\" data-e-type=\"widget\" data-widget_type=\"heading.default\">\n\t\t\t\t\t<h2 class=\"elementor-heading-title elementor-size-default\">Un travail d'\u00e9quipe structur\u00e9<\/h2>\t\t\t\t<\/div>\n\t\t\t\t<div class=\"elementor-element elementor-element-e5589d6 elementor-widget elementor-widget-text-editor\" data-id=\"e5589d6\" data-element_type=\"widget\" data-e-type=\"widget\" data-widget_type=\"text-editor.default\">\n\t\t\t\t\t\t\t\t\t<p data-start=\"1267\" data-end=\"1513\">L\u2019accompagnement s\u2019appuie sur un travail d\u2019\u00e9quipe r\u00e9gulier, favorisant les \u00e9changes, la r\u00e9flexion collective et l\u2019ajustement des pratiques. Les professionnels veillent \u00e0 maintenir une coh\u00e9rence \u00e9ducative dans l\u2019accompagnement propos\u00e9 aux enfants.<\/p><p data-start=\"1515\" data-end=\"1649\">Des temps de r\u00e9union et de r\u00e9flexion permettent de soutenir la qualit\u00e9 des pratiques et de garantir un cadre professionnel s\u00e9curisant.<\/p>\t\t\t\t\t\t\t\t<\/div>\n\t\t\t\t\t<\/div>\n\t\t\t\t<\/div>\n\t\t<div class=\"elementor-element elementor-element-9f4ba77 e-flex e-con-boxed wpr-particle-no wpr-jarallax-no wpr-parallax-no wpr-sticky-section-no e-con e-parent\" data-id=\"9f4ba77\" data-element_type=\"container\" data-e-type=\"container\" data-settings=\"{&quot;background_background&quot;:&quot;classic&quot;}\">\n\t\t\t\t\t<div class=\"e-con-inner\">\n\t\t<div class=\"elementor-element elementor-element-3ce1c2e e-con-full e-flex wpr-particle-no wpr-jarallax-no wpr-parallax-no wpr-sticky-section-no e-con e-child\" data-id=\"3ce1c2e\" data-element_type=\"container\" data-e-type=\"container\">\n\t\t\t\t<div class=\"elementor-element elementor-element-5a1851a elementor-widget elementor-widget-image\" data-id=\"5a1851a\" data-element_type=\"widget\" data-e-type=\"widget\" data-widget_type=\"image.default\">\n\t\t\t\t\t\t\t\t\t\t\t\t\t\t\t<img decoding=\"async\" width=\"1024\" height=\"683\" src=\"https:\/\/www.lva-oz.fr\/wp-content\/uploads\/2026\/01\/hands-2847508-1024x683.jpg\" class=\"attachment-large size-large wp-image-787\" alt=\"\" srcset=\"https:\/\/www.lva-oz.fr\/wp-content\/uploads\/2026\/01\/hands-2847508-1024x683.jpg 1024w, https:\/\/www.lva-oz.fr\/wp-content\/uploads\/2026\/01\/hands-2847508-300x200.jpg 300w, https:\/\/www.lva-oz.fr\/wp-content\/uploads\/2026\/01\/hands-2847508-768x512.jpg 768w, https:\/\/www.lva-oz.fr\/wp-content\/uploads\/2026\/01\/hands-2847508-1536x1024.jpg 1536w, https:\/\/www.lva-oz.fr\/wp-content\/uploads\/2026\/01\/hands-2847508-2048x1365.jpg 2048w\" sizes=\"(max-width: 1024px) 100vw, 1024px\" \/>\t\t\t\t\t\t\t\t\t\t\t\t\t\t\t<\/div>\n\t\t\t\t<\/div>\n\t\t<div class=\"elementor-element elementor-element-96035aa e-con-full e-flex wpr-particle-no wpr-jarallax-no wpr-parallax-no wpr-sticky-section-no e-con e-child\" data-id=\"96035aa\" data-element_type=\"container\" data-e-type=\"container\">\n\t\t\t\t<div class=\"elementor-element elementor-element-10029ae elementor-widget elementor-widget-heading\" data-id=\"10029ae\" data-element_type=\"widget\" data-e-type=\"widget\" data-widget_type=\"heading.default\">\n\t\t\t\t\t<h2 class=\"elementor-heading-title elementor-size-default\">Les objectifs de l'accompagnement<\/h2>\t\t\t\t<\/div>\n\t\t\t\t<div class=\"elementor-element elementor-element-c5906d2 elementor-widget elementor-widget-text-editor\" data-id=\"c5906d2\" data-element_type=\"widget\" data-e-type=\"widget\" data-widget_type=\"text-editor.default\">\n\t\t\t\t\t\t\t\t\t<p data-start=\"120\" data-end=\"157\">L\u2019\u00e9quipe du LVA \u00d4z s\u2019appuie sur :<\/p><ul><li data-start=\"120\" data-end=\"157\">Une pr\u00e9sence \u00e9ducative constante et engag\u00e9e<\/li><li data-start=\"120\" data-end=\"157\">Une coh\u00e9rence professionnelle au service du cadre \u00e9ducatif<\/li><li data-start=\"120\" data-end=\"157\">Un travail d\u2019\u00e9quipe favorisant l\u2019\u00e9change et la r\u00e9flexion<\/li><li data-start=\"120\" data-end=\"157\">Une collaboration \u00e9troite avec l\u2019Aide Sociale \u00e0 l\u2019Enfance et les partenaires<\/li><\/ul>\t\t\t\t\t\t\t\t<\/div>\n\t\t\t\t<\/div>\n\t\t\t\t\t<\/div>\n\t\t\t\t<\/div>\n\t\t\t\t<\/div>\n\t\t","protected":false},"excerpt":{"rendered":"<p>\u00ab Une \u00e9quipe engag\u00e9e, pr\u00e9sente et profond\u00e9ment humaine \u00bb Une \u00e9quipe engag\u00e9e L\u2019\u00e9quipe du Lieu de Vie et d\u2019Accueil \u00d4z est compos\u00e9e de professionnels engag\u00e9s dans la protection de l\u2019enfance. Elle partage une m\u00eame vision \u00e9ducative et s\u2019inscrit dans une d\u00e9marche commune, fond\u00e9e sur la bientraitance, la coh\u00e9rence et la continuit\u00e9 de l\u2019accompagnement. La taille humaine de l\u2019\u00e9quipe permet une pr\u00e9sence \u00e9ducative r\u00e9guli\u00e8re et une disponibilit\u00e9 r\u00e9elle aupr\u00e8s des enfants accueillis. Une pr\u00e9sence professionnelle au quotidien L\u2019\u00e9quipe \u00e9ducative assure une pr\u00e9sence constante au sein du lieu de vie. Cette continuit\u00e9 permet de s\u00e9curiser les enfants, de poser un cadre clair et de construire des relations \u00e9ducatives fiables et durables. Le travail \u00e9ducatif s\u2019inscrit dans le quotidien partag\u00e9 et repose sur l\u2019observation, l\u2019\u00e9coute et l\u2019accompagnement progressif. Un travail d&rsquo;\u00e9quipe structur\u00e9 L\u2019accompagnement s\u2019appuie sur un travail d\u2019\u00e9quipe r\u00e9gulier, favorisant les \u00e9changes, la r\u00e9flexion collective et l\u2019ajustement des pratiques. Les professionnels veillent \u00e0 maintenir une coh\u00e9rence \u00e9ducative dans l\u2019accompagnement propos\u00e9 aux enfants. Des temps de r\u00e9union et de r\u00e9flexion permettent de soutenir la qualit\u00e9 des pratiques et de garantir un cadre professionnel s\u00e9curisant. Les objectifs de l&rsquo;accompagnement L\u2019\u00e9quipe du LVA \u00d4z s\u2019appuie sur : Une pr\u00e9sence \u00e9ducative constante et engag\u00e9e Une coh\u00e9rence professionnelle au service du cadre \u00e9ducatif Un travail d\u2019\u00e9quipe favorisant l\u2019\u00e9change et la r\u00e9flexion Une collaboration \u00e9troite avec l\u2019Aide Sociale \u00e0 l\u2019Enfance et les partenaires<\/p>\n","protected":false},"author":1,"featured_media":0,"parent":0,"menu_order":0,"comment_status":"closed","ping_status":"closed","template":"","meta":{"site-sidebar-layout":"no-sidebar","site-content-layout":"","ast-site-content-layout":"full-width-container","site-content-style":"default","site-sidebar-style":"default","ast-global-header-display":"","ast-banner-title-visibility":"","ast-main-header-display":"","ast-hfb-above-header-display":"","ast-hfb-below-header-display":"","ast-hfb-mobile-header-display":"","site-post-title":"disabled","ast-breadcrumbs-content":"","ast-featured-img":"disabled","footer-sml-layout":"","ast-disable-related-posts":"","theme-transparent-header-meta":"","adv-header-id-meta":"","stick-header-meta":"","header-above-stick-meta":"","header-main-stick-meta":"","header-below-stick-meta":"","astra-migrate-meta-layouts":"default","ast-page-background-enabled":"default","ast-page-background-meta":{"desktop":{"background-color":"var(--ast-global-color-5)","background-image":"","background-repeat":"repeat","background-position":"center center","background-size":"auto","background-attachment":"scroll","background-type":"","background-media":"","overlay-type":"","overlay-color":"","overlay-opacity":"","overlay-gradient":""},"tablet":{"background-color":"","background-image":"","background-repeat":"repeat","background-position":"center center","background-size":"auto","background-attachment":"scroll","background-type":"","background-media":"","overlay-type":"","overlay-color":"","overlay-opacity":"","overlay-gradient":""},"mobile":{"background-color":"","background-image":"","background-repeat":"repeat","background-position":"center center","background-size":"auto","background-attachment":"scroll","background-type":"","background-media":"","overlay-type":"","overlay-color":"","overlay-opacity":"","overlay-gradient":""}},"ast-content-background-meta":{"desktop":{"background-color":"var(--ast-global-color-4)","background-image":"","background-repeat":"repeat","background-position":"center center","background-size":"auto","background-attachment":"scroll","background-type":"","background-media":"","overlay-type":"","overlay-color":"","overlay-opacity":"","overlay-gradient":""},"tablet":{"background-color":"var(--ast-global-color-4)","background-image":"","background-repeat":"repeat","background-position":"center center","background-size":"auto","background-attachment":"scroll","background-type":"","background-media":"","overlay-type":"","overlay-color":"","overlay-opacity":"","overlay-gradient":""},"mobile":{"background-color":"var(--ast-global-color-4)","background-image":"","background-repeat":"repeat","background-position":"center center","background-size":"auto","background-attachment":"scroll","background-type":"","background-media":"","overlay-type":"","overlay-color":"","overlay-opacity":"","overlay-gradient":""}},"footnotes":""},"class_list":["post-579","page","type-page","status-publish","hentry"],"_links":{"self":[{"href":"https:\/\/www.lva-oz.fr\/index.php?rest_route=\/wp\/v2\/pages\/579","targetHints":{"allow":["GET"]}}],"collection":[{"href":"https:\/\/www.lva-oz.fr\/index.php?rest_route=\/wp\/v2\/pages"}],"about":[{"href":"https:\/\/www.lva-oz.fr\/index.php?rest_route=\/wp\/v2\/types\/page"}],"author":[{"embeddable":true,"href":"https:\/\/www.lva-oz.fr\/index.php?rest_route=\/wp\/v2\/users\/1"}],"replies":[{"embeddable":true,"href":"https:\/\/www.lva-oz.fr\/index.php?rest_route=%2Fwp%2Fv2%2Fcomments&post=579"}],"version-history":[{"count":16,"href":"https:\/\/www.lva-oz.fr\/index.php?rest_route=\/wp\/v2\/pages\/579\/revisions"}],"predecessor-version":[{"id":796,"href":"https:\/\/www.lva-oz.fr\/index.php?rest_route=\/wp\/v2\/pages\/579\/revisions\/796"}],"wp:attachment":[{"href":"https:\/\/www.lva-oz.fr\/index.php?rest_route=%2Fwp%2Fv2%2Fmedia&parent=579"}],"curies":[{"name":"wp","href":"https:\/\/api.w.org\/{rel}","templated":true}]}}