{"id":24,"date":"2026-01-26T17:00:20","date_gmt":"2026-01-26T16:00:20","guid":{"rendered":"https:\/\/web-mmi.iutbeziers.fr\/marathon_2026\/marathon_2026_08\/wordpress\/?page_id=24"},"modified":"2026-01-29T21:45:13","modified_gmt":"2026-01-29T20:45:13","slug":"lieu","status":"publish","type":"page","link":"https:\/\/www.lva-oz.fr\/?page_id=24","title":{"rendered":"Lieu"},"content":{"rendered":"\t\t<div data-elementor-type=\"wp-page\" data-elementor-id=\"24\" class=\"elementor elementor-24\">\n\t\t\t\t<div class=\"elementor-element elementor-element-44767cc e-con-full e-flex wpr-particle-no wpr-jarallax-no wpr-parallax-no wpr-sticky-section-no e-con e-parent\" data-id=\"44767cc\" data-element_type=\"container\" data-e-type=\"container\" data-settings=\"{&quot;background_background&quot;:&quot;classic&quot;}\">\n\t\t\t\t<div class=\"elementor-element elementor-element-dab45dd elementor-widget elementor-widget-text-editor\" data-id=\"dab45dd\" data-element_type=\"widget\" data-e-type=\"widget\" data-widget_type=\"text-editor.default\">\n\t\t\t\t\t\t\t\t\t<p data-start=\"259\" data-end=\"328\">\u00ab Un espace pour se sentir chez soi, cr\u00e9er et reprendre souffle \u00bb<\/p>\t\t\t\t\t\t\t\t<\/div>\n\t\t\t\t<\/div>\n\t\t<div class=\"elementor-element elementor-element-4fefa4c e-flex e-con-boxed wpr-particle-no wpr-jarallax-no wpr-parallax-no wpr-sticky-section-no e-con e-parent\" data-id=\"4fefa4c\" data-element_type=\"container\" data-e-type=\"container\" data-settings=\"{&quot;background_background&quot;:&quot;classic&quot;}\">\n\t\t\t\t\t<div class=\"e-con-inner\">\n\t\t<div class=\"elementor-element elementor-element-0ef918e e-con-full e-flex wpr-particle-no wpr-jarallax-no wpr-parallax-no wpr-sticky-section-no e-con e-child\" data-id=\"0ef918e\" data-element_type=\"container\" data-e-type=\"container\">\n\t\t\t\t<div class=\"elementor-element elementor-element-62f86f1 elementor-widget elementor-widget-heading\" data-id=\"62f86f1\" data-element_type=\"widget\" data-e-type=\"widget\" data-widget_type=\"heading.default\">\n\t\t\t\t\t<h2 class=\"elementor-heading-title elementor-size-default\">Un lieu pour se poser<\/h2>\t\t\t\t<\/div>\n\t\t\t\t<div class=\"elementor-element elementor-element-e26cfce elementor-widget elementor-widget-text-editor\" data-id=\"e26cfce\" data-element_type=\"widget\" data-e-type=\"widget\" data-widget_type=\"text-editor.default\">\n\t\t\t\t\t\t\t\t\t<p data-start=\"280\" data-end=\"526\">Le Lieu de Vie et d\u2019Accueil \u00d4z est avant tout une maison pens\u00e9e pour accueillir, contenir et s\u00e9curiser. Le lieu offre un environnement stable et apaisant, permettant aux enfants de se poser et de retrouver des rep\u00e8res essentiels \u00e0 leur \u00e9quilibre.<\/p><p data-start=\"528\" data-end=\"715\">L\u2019am\u00e9nagement et l\u2019organisation du lieu participent pleinement au projet \u00e9ducatif. Chaque espace est con\u00e7u pour favoriser le bien-\u00eatre, la lisibilit\u00e9 du cadre et le respect de l\u2019intimit\u00e9.<\/p>\t\t\t\t\t\t\t\t<\/div>\n\t\t\t\t<\/div>\n\t\t<div class=\"elementor-element elementor-element-3678680 e-con-full e-flex wpr-particle-no wpr-jarallax-no wpr-parallax-no wpr-sticky-section-no e-con e-child\" data-id=\"3678680\" data-element_type=\"container\" data-e-type=\"container\">\n\t\t\t\t<div class=\"elementor-element elementor-element-d879d18 elementor-widget elementor-widget-image\" data-id=\"d879d18\" data-element_type=\"widget\" data-e-type=\"widget\" data-widget_type=\"image.default\">\n\t\t\t\t\t\t\t\t\t\t\t\t\t\t\t<img fetchpriority=\"high\" decoding=\"async\" width=\"1024\" height=\"576\" src=\"https:\/\/www.lva-oz.fr\/wp-content\/uploads\/2026\/01\/Clarisse_PC_Ind1_2-Photo-1024x576.jpg\" class=\"attachment-large size-large wp-image-718\" alt=\"\" srcset=\"https:\/\/www.lva-oz.fr\/wp-content\/uploads\/2026\/01\/Clarisse_PC_Ind1_2-Photo-1024x576.jpg 1024w, https:\/\/www.lva-oz.fr\/wp-content\/uploads\/2026\/01\/Clarisse_PC_Ind1_2-Photo-300x169.jpg 300w, https:\/\/www.lva-oz.fr\/wp-content\/uploads\/2026\/01\/Clarisse_PC_Ind1_2-Photo-768x432.jpg 768w, https:\/\/www.lva-oz.fr\/wp-content\/uploads\/2026\/01\/Clarisse_PC_Ind1_2-Photo-1536x864.jpg 1536w, https:\/\/www.lva-oz.fr\/wp-content\/uploads\/2026\/01\/Clarisse_PC_Ind1_2-Photo.jpg 1920w\" sizes=\"(max-width: 1024px) 100vw, 1024px\" \/>\t\t\t\t\t\t\t\t\t\t\t\t\t\t\t<\/div>\n\t\t\t\t<\/div>\n\t\t\t\t\t<\/div>\n\t\t\t\t<\/div>\n\t\t<div class=\"elementor-element elementor-element-b4c2630 e-flex e-con-boxed wpr-particle-no wpr-jarallax-no wpr-parallax-no wpr-sticky-section-no e-con e-parent\" data-id=\"b4c2630\" data-element_type=\"container\" data-e-type=\"container\">\n\t\t\t\t\t<div class=\"e-con-inner\">\n\t\t\t\t<div class=\"elementor-element elementor-element-fccfd9a elementor-widget elementor-widget-heading\" data-id=\"fccfd9a\" data-element_type=\"widget\" data-e-type=\"widget\" data-widget_type=\"heading.default\">\n\t\t\t\t\t<h2 class=\"elementor-heading-title elementor-size-default\">Une maison \u00e0 taille humaine<\/h2>\t\t\t\t<\/div>\n\t\t\t\t<div class=\"elementor-element elementor-element-ccb92dd elementor-widget elementor-widget-text-editor\" data-id=\"ccb92dd\" data-element_type=\"widget\" data-e-type=\"widget\" data-widget_type=\"text-editor.default\">\n\t\t\t\t\t\t\t\t\t<p data-start=\"754\" data-end=\"1021\">\u00d4z accueille un petit collectif d\u2019enfants afin de pr\u00e9server une dynamique familiale et une disponibilit\u00e9 \u00e9ducative r\u00e9elle. Cette organisation permet d\u2019instaurer un climat de confiance, de proximit\u00e9 et de continuit\u00e9, indispensable \u00e0 la construction de rep\u00e8res stables.<\/p><p data-start=\"1023\" data-end=\"1126\">La taille du lieu favorise une relation \u00e9ducative de qualit\u00e9 et une attention port\u00e9e \u00e0 chaque parcours.<\/p>\t\t\t\t\t\t\t\t<\/div>\n\t\t\t\t<div class=\"elementor-element elementor-element-8532652 elementor-widget-divider--view-line elementor-widget elementor-widget-divider\" data-id=\"8532652\" data-element_type=\"widget\" data-e-type=\"widget\" data-widget_type=\"divider.default\">\n\t\t\t\t\t\t\t<div class=\"elementor-divider\">\n\t\t\t<span class=\"elementor-divider-separator\">\n\t\t\t\t\t\t<\/span>\n\t\t<\/div>\n\t\t\t\t\t\t<\/div>\n\t\t\t\t<div class=\"elementor-element elementor-element-d6828a0 elementor-widget elementor-widget-heading\" data-id=\"d6828a0\" data-element_type=\"widget\" data-e-type=\"widget\" data-widget_type=\"heading.default\">\n\t\t\t\t\t<h2 class=\"elementor-heading-title elementor-size-default\">Des espaces pens\u00e9s pour le quotidien<\/h2>\t\t\t\t<\/div>\n\t\t\t\t<div class=\"elementor-element elementor-element-3a7f870 elementor-widget elementor-widget-text-editor\" data-id=\"3a7f870\" data-element_type=\"widget\" data-e-type=\"widget\" data-widget_type=\"text-editor.default\">\n\t\t\t\t\t\t\t\t\t<p data-start=\"1174\" data-end=\"1419\">Le lieu de vie propose des espaces diff\u00e9renci\u00e9s, permettant \u00e0 chacun de trouver sa place. Les espaces collectifs soutiennent la vie commune et les temps de partage, tandis que les espaces individuels offrent des temps de retrait et d\u2019apaisement.<\/p><p data-start=\"1421\" data-end=\"1528\">Les enfants sont encourag\u00e9s \u00e0 s\u2019approprier progressivement le lieu, dans le respect du cadre et des autres.<\/p>\t\t\t\t\t\t\t\t<\/div>\n\t\t\t\t\t<\/div>\n\t\t\t\t<\/div>\n\t\t<div class=\"elementor-element elementor-element-ba0d62e e-flex e-con-boxed wpr-particle-no wpr-jarallax-no wpr-parallax-no wpr-sticky-section-no e-con e-parent\" data-id=\"ba0d62e\" data-element_type=\"container\" data-e-type=\"container\" data-settings=\"{&quot;background_background&quot;:&quot;classic&quot;}\">\n\t\t\t\t\t<div class=\"e-con-inner\">\n\t\t<div class=\"elementor-element elementor-element-2f9a343 e-con-full e-flex wpr-particle-no wpr-jarallax-no wpr-parallax-no wpr-sticky-section-no e-con e-child\" data-id=\"2f9a343\" data-element_type=\"container\" data-e-type=\"container\">\n\t\t\t\t<div class=\"elementor-element elementor-element-235cd07 elementor-widget elementor-widget-image\" data-id=\"235cd07\" data-element_type=\"widget\" data-e-type=\"widget\" data-widget_type=\"image.default\">\n\t\t\t\t\t\t\t\t\t\t\t\t\t\t\t<img decoding=\"async\" width=\"1024\" height=\"576\" src=\"https:\/\/www.lva-oz.fr\/wp-content\/uploads\/2026\/01\/Clarisse_PC_Ind1_3-Photo1-1024x576.jpg\" class=\"attachment-large size-large wp-image-719\" alt=\"\" srcset=\"https:\/\/www.lva-oz.fr\/wp-content\/uploads\/2026\/01\/Clarisse_PC_Ind1_3-Photo1-1024x576.jpg 1024w, https:\/\/www.lva-oz.fr\/wp-content\/uploads\/2026\/01\/Clarisse_PC_Ind1_3-Photo1-300x169.jpg 300w, https:\/\/www.lva-oz.fr\/wp-content\/uploads\/2026\/01\/Clarisse_PC_Ind1_3-Photo1-768x432.jpg 768w, https:\/\/www.lva-oz.fr\/wp-content\/uploads\/2026\/01\/Clarisse_PC_Ind1_3-Photo1-1536x864.jpg 1536w, https:\/\/www.lva-oz.fr\/wp-content\/uploads\/2026\/01\/Clarisse_PC_Ind1_3-Photo1.jpg 1920w\" sizes=\"(max-width: 1024px) 100vw, 1024px\" \/>\t\t\t\t\t\t\t\t\t\t\t\t\t\t\t<\/div>\n\t\t\t\t<\/div>\n\t\t<div class=\"elementor-element elementor-element-9495a34 e-con-full e-flex wpr-particle-no wpr-jarallax-no wpr-parallax-no wpr-sticky-section-no e-con e-child\" data-id=\"9495a34\" data-element_type=\"container\" data-e-type=\"container\">\n\t\t\t\t<div class=\"elementor-element elementor-element-29d2a6e elementor-widget elementor-widget-heading\" data-id=\"29d2a6e\" data-element_type=\"widget\" data-e-type=\"widget\" data-widget_type=\"heading.default\">\n\t\t\t\t\t<h2 class=\"elementor-heading-title elementor-size-default\">Les objectifs de l'accompagnement<\/h2>\t\t\t\t<\/div>\n\t\t\t\t<div class=\"elementor-element elementor-element-4cf37c9 elementor-widget elementor-widget-text-editor\" data-id=\"4cf37c9\" data-element_type=\"widget\" data-e-type=\"widget\" data-widget_type=\"text-editor.default\">\n\t\t\t\t\t\t\t\t\t<p data-start=\"183\" data-end=\"221\">Le lieu de vie du LVA \u00d4z propose :<\/p><ul><li data-start=\"183\" data-end=\"221\">Un environnement s\u00e9curisant et contenant<\/li><li data-start=\"183\" data-end=\"221\">Un cadre mat\u00e9riel et symbolique rassurant<\/li><li data-start=\"183\" data-end=\"221\">Des rep\u00e8res spatiaux, temporels et relationnels clairs et constants<\/li><li data-start=\"183\" data-end=\"221\">Un espace protecteur permettant \u00e0 l\u2019enfant d\u2019\u00e9voluer \u00e0 son rythme<\/li><\/ul>\t\t\t\t\t\t\t\t<\/div>\n\t\t\t\t<\/div>\n\t\t\t\t\t<\/div>\n\t\t\t\t<\/div>\n\t\t\t\t<\/div>\n\t\t","protected":false},"excerpt":{"rendered":"<p>\u00ab Un espace pour se sentir chez soi, cr\u00e9er et reprendre souffle \u00bb Un lieu pour se poser Le Lieu de Vie et d\u2019Accueil \u00d4z est avant tout une maison pens\u00e9e pour accueillir, contenir et s\u00e9curiser. Le lieu offre un environnement stable et apaisant, permettant aux enfants de se poser et de retrouver des rep\u00e8res essentiels \u00e0 leur \u00e9quilibre. L\u2019am\u00e9nagement et l\u2019organisation du lieu participent pleinement au projet \u00e9ducatif. Chaque espace est con\u00e7u pour favoriser le bien-\u00eatre, la lisibilit\u00e9 du cadre et le respect de l\u2019intimit\u00e9. Une maison \u00e0 taille humaine \u00d4z accueille un petit collectif d\u2019enfants afin de pr\u00e9server une dynamique familiale et une disponibilit\u00e9 \u00e9ducative r\u00e9elle. Cette organisation permet d\u2019instaurer un climat de confiance, de proximit\u00e9 et de continuit\u00e9, indispensable \u00e0 la construction de rep\u00e8res stables. La taille du lieu favorise une relation \u00e9ducative de qualit\u00e9 et une attention port\u00e9e \u00e0 chaque parcours. Des espaces pens\u00e9s pour le quotidien Le lieu de vie propose des espaces diff\u00e9renci\u00e9s, permettant \u00e0 chacun de trouver sa place. Les espaces collectifs soutiennent la vie commune et les temps de partage, tandis que les espaces individuels offrent des temps de retrait et d\u2019apaisement. Les enfants sont encourag\u00e9s \u00e0 s\u2019approprier progressivement le lieu, dans le respect du cadre et des autres. Les objectifs de l&rsquo;accompagnement Le lieu de vie du LVA \u00d4z propose : Un environnement s\u00e9curisant et contenant Un cadre mat\u00e9riel et symbolique rassurant Des rep\u00e8res spatiaux, temporels et relationnels clairs et constants Un espace protecteur permettant \u00e0 l\u2019enfant d\u2019\u00e9voluer \u00e0 son rythme<\/p>\n","protected":false},"author":1,"featured_media":0,"parent":0,"menu_order":0,"comment_status":"closed","ping_status":"closed","template":"","meta":{"site-sidebar-layout":"no-sidebar","site-content-layout":"","ast-site-content-layout":"full-width-container","site-content-style":"default","site-sidebar-style":"default","ast-global-header-display":"","ast-banner-title-visibility":"","ast-main-header-display":"","ast-hfb-above-header-display":"","ast-hfb-below-header-display":"","ast-hfb-mobile-header-display":"","site-post-title":"disabled","ast-breadcrumbs-content":"","ast-featured-img":"disabled","footer-sml-layout":"","ast-disable-related-posts":"","theme-transparent-header-meta":"","adv-header-id-meta":"","stick-header-meta":"","header-above-stick-meta":"","header-main-stick-meta":"","header-below-stick-meta":"","astra-migrate-meta-layouts":"default","ast-page-background-enabled":"default","ast-page-background-meta":{"desktop":{"background-color":"var(--ast-global-color-5)","background-image":"","background-repeat":"repeat","background-position":"center center","background-size":"auto","background-attachment":"scroll","background-type":"","background-media":"","overlay-type":"","overlay-color":"","overlay-opacity":"","overlay-gradient":""},"tablet":{"background-color":"","background-image":"","background-repeat":"repeat","background-position":"center center","background-size":"auto","background-attachment":"scroll","background-type":"","background-media":"","overlay-type":"","overlay-color":"","overlay-opacity":"","overlay-gradient":""},"mobile":{"background-color":"","background-image":"","background-repeat":"repeat","background-position":"center center","background-size":"auto","background-attachment":"scroll","background-type":"","background-media":"","overlay-type":"","overlay-color":"","overlay-opacity":"","overlay-gradient":""}},"ast-content-background-meta":{"desktop":{"background-color":"var(--ast-global-color-4)","background-image":"","background-repeat":"repeat","background-position":"center center","background-size":"auto","background-attachment":"scroll","background-type":"","background-media":"","overlay-type":"","overlay-color":"","overlay-opacity":"","overlay-gradient":""},"tablet":{"background-color":"var(--ast-global-color-4)","background-image":"","background-repeat":"repeat","background-position":"center center","background-size":"auto","background-attachment":"scroll","background-type":"","background-media":"","overlay-type":"","overlay-color":"","overlay-opacity":"","overlay-gradient":""},"mobile":{"background-color":"var(--ast-global-color-4)","background-image":"","background-repeat":"repeat","background-position":"center center","background-size":"auto","background-attachment":"scroll","background-type":"","background-media":"","overlay-type":"","overlay-color":"","overlay-opacity":"","overlay-gradient":""}},"footnotes":""},"class_list":["post-24","page","type-page","status-publish","hentry"],"_links":{"self":[{"href":"https:\/\/www.lva-oz.fr\/index.php?rest_route=\/wp\/v2\/pages\/24","targetHints":{"allow":["GET"]}}],"collection":[{"href":"https:\/\/www.lva-oz.fr\/index.php?rest_route=\/wp\/v2\/pages"}],"about":[{"href":"https:\/\/www.lva-oz.fr\/index.php?rest_route=\/wp\/v2\/types\/page"}],"author":[{"embeddable":true,"href":"https:\/\/www.lva-oz.fr\/index.php?rest_route=\/wp\/v2\/users\/1"}],"replies":[{"embeddable":true,"href":"https:\/\/www.lva-oz.fr\/index.php?rest_route=%2Fwp%2Fv2%2Fcomments&post=24"}],"version-history":[{"count":90,"href":"https:\/\/www.lva-oz.fr\/index.php?rest_route=\/wp\/v2\/pages\/24\/revisions"}],"predecessor-version":[{"id":784,"href":"https:\/\/www.lva-oz.fr\/index.php?rest_route=\/wp\/v2\/pages\/24\/revisions\/784"}],"wp:attachment":[{"href":"https:\/\/www.lva-oz.fr\/index.php?rest_route=%2Fwp%2Fv2%2Fmedia&parent=24"}],"curies":[{"name":"wp","href":"https:\/\/api.w.org\/{rel}","templated":true}]}}