{"id":22,"date":"2026-01-26T17:01:31","date_gmt":"2026-01-26T16:01:31","guid":{"rendered":"https:\/\/web-mmi.iutbeziers.fr\/marathon_2026\/marathon_2026_08\/wordpress\/?page_id=22"},"modified":"2026-01-29T21:36:09","modified_gmt":"2026-01-29T20:36:09","slug":"accompagnement","status":"publish","type":"page","link":"https:\/\/www.lva-oz.fr\/?page_id=22","title":{"rendered":"Accompagnement"},"content":{"rendered":"\t\t<div data-elementor-type=\"wp-page\" data-elementor-id=\"22\" class=\"elementor elementor-22\">\n\t\t\t\t<div class=\"elementor-element elementor-element-f6b5962 e-con-full e-flex wpr-particle-no wpr-jarallax-no wpr-parallax-no wpr-sticky-section-no e-con e-parent\" data-id=\"f6b5962\" data-element_type=\"container\" data-e-type=\"container\" data-settings=\"{&quot;background_background&quot;:&quot;classic&quot;}\">\n\t\t\t\t<div class=\"elementor-element elementor-element-45fe182 elementor-widget elementor-widget-text-editor\" data-id=\"45fe182\" data-element_type=\"widget\" data-e-type=\"widget\" data-widget_type=\"text-editor.default\">\n\t\t\t\t\t\t\t\t\t<p>\u00ab\u00a0Accompagner chaque parcours avec justesse\u00a0\u00bb<\/p>\t\t\t\t\t\t\t\t<\/div>\n\t\t\t\t<\/div>\n\t\t<div class=\"elementor-element elementor-element-d8f43b1 e-flex e-con-boxed wpr-particle-no wpr-jarallax-no wpr-parallax-no wpr-sticky-section-no e-con e-parent\" data-id=\"d8f43b1\" data-element_type=\"container\" data-e-type=\"container\" data-settings=\"{&quot;background_background&quot;:&quot;classic&quot;}\">\n\t\t\t\t\t<div class=\"e-con-inner\">\n\t\t<div class=\"elementor-element elementor-element-8bbd8bc e-con-full e-flex wpr-particle-no wpr-jarallax-no wpr-parallax-no wpr-sticky-section-no e-con e-child\" data-id=\"8bbd8bc\" data-element_type=\"container\" data-e-type=\"container\">\n\t\t\t\t<div class=\"elementor-element elementor-element-0583794 elementor-widget elementor-widget-heading\" data-id=\"0583794\" data-element_type=\"widget\" data-e-type=\"widget\" data-widget_type=\"heading.default\">\n\t\t\t\t\t<h2 class=\"elementor-heading-title elementor-size-default\">Un accompagnement \u00e0 taille humaine<\/h2>\t\t\t\t<\/div>\n\t\t\t\t<div class=\"elementor-element elementor-element-91ad56c elementor-widget elementor-widget-text-editor\" data-id=\"91ad56c\" data-element_type=\"widget\" data-e-type=\"widget\" data-widget_type=\"text-editor.default\">\n\t\t\t\t\t\t\t\t\t<p data-start=\"309\" data-end=\"441\">Le Lieu de Vie et d\u2019Accueil \u00d4z propose un accompagnement \u00e9ducatif individualis\u00e9, inscrit dans le quotidien et fond\u00e9 sur la relation.<\/p><p data-start=\"443\" data-end=\"636\">Chaque enfant est accompagn\u00e9 dans un cadre s\u00e9curisant et structurant, permettant de r\u00e9pondre \u00e0 ses besoins \u00e9ducatifs, \u00e9motionnels et relationnels, tout en respectant son rythme et son histoire.<\/p>\t\t\t\t\t\t\t\t<\/div>\n\t\t\t\t<\/div>\n\t\t<div class=\"elementor-element elementor-element-a7a05ad e-con-full e-flex wpr-particle-no wpr-jarallax-no wpr-parallax-no wpr-sticky-section-no e-con e-child\" data-id=\"a7a05ad\" data-element_type=\"container\" data-e-type=\"container\">\n\t\t\t\t<div class=\"elementor-element elementor-element-bd04364 elementor-widget elementor-widget-image\" data-id=\"bd04364\" data-element_type=\"widget\" data-e-type=\"widget\" data-widget_type=\"image.default\">\n\t\t\t\t\t\t\t\t\t\t\t\t\t\t\t<img fetchpriority=\"high\" decoding=\"async\" width=\"1024\" height=\"678\" src=\"https:\/\/www.lva-oz.fr\/wp-content\/uploads\/2026\/01\/child-5033381-1024x678.jpg\" class=\"attachment-large size-large wp-image-775\" alt=\"\" srcset=\"https:\/\/www.lva-oz.fr\/wp-content\/uploads\/2026\/01\/child-5033381-1024x678.jpg 1024w, https:\/\/www.lva-oz.fr\/wp-content\/uploads\/2026\/01\/child-5033381-300x199.jpg 300w, https:\/\/www.lva-oz.fr\/wp-content\/uploads\/2026\/01\/child-5033381-768x509.jpg 768w, https:\/\/www.lva-oz.fr\/wp-content\/uploads\/2026\/01\/child-5033381-1536x1017.jpg 1536w, https:\/\/www.lva-oz.fr\/wp-content\/uploads\/2026\/01\/child-5033381-2048x1356.jpg 2048w\" sizes=\"(max-width: 1024px) 100vw, 1024px\" \/>\t\t\t\t\t\t\t\t\t\t\t\t\t\t\t<\/div>\n\t\t\t\t<\/div>\n\t\t\t\t\t<\/div>\n\t\t\t\t<\/div>\n\t\t<div class=\"elementor-element elementor-element-6dc2cec e-flex e-con-boxed wpr-particle-no wpr-jarallax-no wpr-parallax-no wpr-sticky-section-no e-con e-parent\" data-id=\"6dc2cec\" data-element_type=\"container\" data-e-type=\"container\">\n\t\t\t\t\t<div class=\"e-con-inner\">\n\t\t\t\t<div class=\"elementor-element elementor-element-1cb6d0a elementor-widget elementor-widget-heading\" data-id=\"1cb6d0a\" data-element_type=\"widget\" data-e-type=\"widget\" data-widget_type=\"heading.default\">\n\t\t\t\t\t<h2 class=\"elementor-heading-title elementor-size-default\">Une pr\u00e9sence \u00e9ducative constante<\/h2>\t\t\t\t<\/div>\n\t\t\t\t<div class=\"elementor-element elementor-element-097e429 elementor-widget elementor-widget-text-editor\" data-id=\"097e429\" data-element_type=\"widget\" data-e-type=\"widget\" data-widget_type=\"text-editor.default\">\n\t\t\t\t\t\t\t\t\t<p data-start=\"641\" data-end=\"909\">L\u2019accompagnement repose sur une pr\u00e9sence \u00e9ducative r\u00e9guli\u00e8re et coh\u00e9rente. Cette continuit\u00e9 \u00e9ducative permet d\u2019instaurer des rep\u00e8res stables, de s\u00e9curiser les parcours et de construire une relation de confiance durable entre l\u2019enfant et les adultes qui l\u2019accompagnent.<\/p>\t\t\t\t\t\t\t\t<\/div>\n\t\t\t\t<div class=\"elementor-element elementor-element-cd874b1 elementor-widget-divider--view-line elementor-widget elementor-widget-divider\" data-id=\"cd874b1\" data-element_type=\"widget\" data-e-type=\"widget\" data-widget_type=\"divider.default\">\n\t\t\t\t\t\t\t<div class=\"elementor-divider\">\n\t\t\t<span class=\"elementor-divider-separator\">\n\t\t\t\t\t\t<\/span>\n\t\t<\/div>\n\t\t\t\t\t\t<\/div>\n\t\t\t\t<div class=\"elementor-element elementor-element-7be334d elementor-widget elementor-widget-heading\" data-id=\"7be334d\" data-element_type=\"widget\" data-e-type=\"widget\" data-widget_type=\"heading.default\">\n\t\t\t\t\t<h2 class=\"elementor-heading-title elementor-size-default\">Un accompagnement global<\/h2>\t\t\t\t<\/div>\n\t\t\t\t<div class=\"elementor-element elementor-element-288be2a elementor-widget elementor-widget-text-editor\" data-id=\"288be2a\" data-element_type=\"widget\" data-e-type=\"widget\" data-widget_type=\"text-editor.default\">\n\t\t\t\t\t\t\t\t\t<p data-start=\"945\" data-end=\"1215\">L\u2019accompagnement propos\u00e9 prend en compte l\u2019ensemble des dimensions de la vie de l\u2019enfant. La vie quotidienne, la scolarit\u00e9, les apprentissages, les \u00e9motions et la socialisation sont abord\u00e9s de mani\u00e8re transversale, afin de soutenir un d\u00e9veloppement global et harmonieux.<\/p>\t\t\t\t\t\t\t\t<\/div>\n\t\t\t\t\t<\/div>\n\t\t\t\t<\/div>\n\t\t<div class=\"elementor-element elementor-element-5495e2d e-flex e-con-boxed wpr-particle-no wpr-jarallax-no wpr-parallax-no wpr-sticky-section-no e-con e-parent\" data-id=\"5495e2d\" data-element_type=\"container\" data-e-type=\"container\" data-settings=\"{&quot;background_background&quot;:&quot;classic&quot;}\">\n\t\t\t\t\t<div class=\"e-con-inner\">\n\t\t<div class=\"elementor-element elementor-element-bc20c15 e-con-full e-flex wpr-particle-no wpr-jarallax-no wpr-parallax-no wpr-sticky-section-no e-con e-child\" data-id=\"bc20c15\" data-element_type=\"container\" data-e-type=\"container\">\n\t\t\t\t<div class=\"elementor-element elementor-element-f6b21a8 elementor-widget elementor-widget-image\" data-id=\"f6b21a8\" data-element_type=\"widget\" data-e-type=\"widget\" data-widget_type=\"image.default\">\n\t\t\t\t\t\t\t\t\t\t\t\t\t\t\t<img decoding=\"async\" width=\"1024\" height=\"664\" src=\"https:\/\/www.lva-oz.fr\/wp-content\/uploads\/2026\/01\/children-6586951-1024x664.jpg\" class=\"attachment-large size-large wp-image-777\" alt=\"\" srcset=\"https:\/\/www.lva-oz.fr\/wp-content\/uploads\/2026\/01\/children-6586951-1024x664.jpg 1024w, https:\/\/www.lva-oz.fr\/wp-content\/uploads\/2026\/01\/children-6586951-300x194.jpg 300w, https:\/\/www.lva-oz.fr\/wp-content\/uploads\/2026\/01\/children-6586951-768x498.jpg 768w, https:\/\/www.lva-oz.fr\/wp-content\/uploads\/2026\/01\/children-6586951-1536x995.jpg 1536w, https:\/\/www.lva-oz.fr\/wp-content\/uploads\/2026\/01\/children-6586951-2048x1327.jpg 2048w\" sizes=\"(max-width: 1024px) 100vw, 1024px\" \/>\t\t\t\t\t\t\t\t\t\t\t\t\t\t\t<\/div>\n\t\t\t\t<\/div>\n\t\t<div class=\"elementor-element elementor-element-e4d407d e-con-full e-flex wpr-particle-no wpr-jarallax-no wpr-parallax-no wpr-sticky-section-no e-con e-child\" data-id=\"e4d407d\" data-element_type=\"container\" data-e-type=\"container\">\n\t\t\t\t<div class=\"elementor-element elementor-element-319e5b9 elementor-widget elementor-widget-heading\" data-id=\"319e5b9\" data-element_type=\"widget\" data-e-type=\"widget\" data-widget_type=\"heading.default\">\n\t\t\t\t\t<h2 class=\"elementor-heading-title elementor-size-default\">Les objectifs de l'accompagnement<\/h2>\t\t\t\t<\/div>\n\t\t\t\t<div class=\"elementor-element elementor-element-75309a2 elementor-widget elementor-widget-text-editor\" data-id=\"75309a2\" data-element_type=\"widget\" data-e-type=\"widget\" data-widget_type=\"text-editor.default\">\n\t\t\t\t\t\t\t\t\t<p data-start=\"2028\" data-end=\"2071\">L\u2019accompagnement au sein du LVA \u00d4z vise \u00e0 :<\/p><ul data-start=\"2072\" data-end=\"2258\"><li data-start=\"2072\" data-end=\"2119\"><p data-start=\"2074\" data-end=\"2119\">Garantir la s\u00e9curit\u00e9 affective et \u00e9ducative<\/p><\/li><li data-start=\"2120\" data-end=\"2160\"><p data-start=\"2122\" data-end=\"2160\">Soutenir la scolarit\u00e9 et l\u2019autonomie<\/p><\/li><li data-start=\"2161\" data-end=\"2202\"><p data-start=\"2163\" data-end=\"2202\">Favoriser l\u2019expression et la relation<\/p><\/li><li data-start=\"2203\" data-end=\"2258\"><p data-start=\"2205\" data-end=\"2258\">Permettre \u00e0 l\u2019enfant de se projeter progressivement<\/p><\/li><\/ul>\t\t\t\t\t\t\t\t<\/div>\n\t\t\t\t<\/div>\n\t\t\t\t\t<\/div>\n\t\t\t\t<\/div>\n\t\t\t\t<\/div>\n\t\t","protected":false},"excerpt":{"rendered":"<p>\u00ab\u00a0Accompagner chaque parcours avec justesse\u00a0\u00bb Un accompagnement \u00e0 taille humaine Le Lieu de Vie et d\u2019Accueil \u00d4z propose un accompagnement \u00e9ducatif individualis\u00e9, inscrit dans le quotidien et fond\u00e9 sur la relation. Chaque enfant est accompagn\u00e9 dans un cadre s\u00e9curisant et structurant, permettant de r\u00e9pondre \u00e0 ses besoins \u00e9ducatifs, \u00e9motionnels et relationnels, tout en respectant son rythme et son histoire. Une pr\u00e9sence \u00e9ducative constante L\u2019accompagnement repose sur une pr\u00e9sence \u00e9ducative r\u00e9guli\u00e8re et coh\u00e9rente. Cette continuit\u00e9 \u00e9ducative permet d\u2019instaurer des rep\u00e8res stables, de s\u00e9curiser les parcours et de construire une relation de confiance durable entre l\u2019enfant et les adultes qui l\u2019accompagnent. Un accompagnement global L\u2019accompagnement propos\u00e9 prend en compte l\u2019ensemble des dimensions de la vie de l\u2019enfant. La vie quotidienne, la scolarit\u00e9, les apprentissages, les \u00e9motions et la socialisation sont abord\u00e9s de mani\u00e8re transversale, afin de soutenir un d\u00e9veloppement global et harmonieux. Les objectifs de l&rsquo;accompagnement L\u2019accompagnement au sein du LVA \u00d4z vise \u00e0 : Garantir la s\u00e9curit\u00e9 affective et \u00e9ducative Soutenir la scolarit\u00e9 et l\u2019autonomie Favoriser l\u2019expression et la relation Permettre \u00e0 l\u2019enfant de se projeter progressivement<\/p>\n","protected":false},"author":1,"featured_media":0,"parent":0,"menu_order":0,"comment_status":"closed","ping_status":"closed","template":"","meta":{"site-sidebar-layout":"no-sidebar","site-content-layout":"","ast-site-content-layout":"full-width-container","site-content-style":"default","site-sidebar-style":"default","ast-global-header-display":"","ast-banner-title-visibility":"","ast-main-header-display":"","ast-hfb-above-header-display":"","ast-hfb-below-header-display":"","ast-hfb-mobile-header-display":"","site-post-title":"disabled","ast-breadcrumbs-content":"","ast-featured-img":"disabled","footer-sml-layout":"","ast-disable-related-posts":"","theme-transparent-header-meta":"","adv-header-id-meta":"","stick-header-meta":"","header-above-stick-meta":"","header-main-stick-meta":"","header-below-stick-meta":"","astra-migrate-meta-layouts":"default","ast-page-background-enabled":"default","ast-page-background-meta":{"desktop":{"background-color":"var(--ast-global-color-5)","background-image":"","background-repeat":"repeat","background-position":"center center","background-size":"auto","background-attachment":"scroll","background-type":"","background-media":"","overlay-type":"","overlay-color":"","overlay-opacity":"","overlay-gradient":""},"tablet":{"background-color":"","background-image":"","background-repeat":"repeat","background-position":"center center","background-size":"auto","background-attachment":"scroll","background-type":"","background-media":"","overlay-type":"","overlay-color":"","overlay-opacity":"","overlay-gradient":""},"mobile":{"background-color":"","background-image":"","background-repeat":"repeat","background-position":"center center","background-size":"auto","background-attachment":"scroll","background-type":"","background-media":"","overlay-type":"","overlay-color":"","overlay-opacity":"","overlay-gradient":""}},"ast-content-background-meta":{"desktop":{"background-color":"var(--ast-global-color-4)","background-image":"","background-repeat":"repeat","background-position":"center center","background-size":"auto","background-attachment":"scroll","background-type":"","background-media":"","overlay-type":"","overlay-color":"","overlay-opacity":"","overlay-gradient":""},"tablet":{"background-color":"var(--ast-global-color-4)","background-image":"","background-repeat":"repeat","background-position":"center center","background-size":"auto","background-attachment":"scroll","background-type":"","background-media":"","overlay-type":"","overlay-color":"","overlay-opacity":"","overlay-gradient":""},"mobile":{"background-color":"var(--ast-global-color-4)","background-image":"","background-repeat":"repeat","background-position":"center center","background-size":"auto","background-attachment":"scroll","background-type":"","background-media":"","overlay-type":"","overlay-color":"","overlay-opacity":"","overlay-gradient":""}},"footnotes":""},"class_list":["post-22","page","type-page","status-publish","hentry"],"_links":{"self":[{"href":"https:\/\/www.lva-oz.fr\/index.php?rest_route=\/wp\/v2\/pages\/22","targetHints":{"allow":["GET"]}}],"collection":[{"href":"https:\/\/www.lva-oz.fr\/index.php?rest_route=\/wp\/v2\/pages"}],"about":[{"href":"https:\/\/www.lva-oz.fr\/index.php?rest_route=\/wp\/v2\/types\/page"}],"author":[{"embeddable":true,"href":"https:\/\/www.lva-oz.fr\/index.php?rest_route=\/wp\/v2\/users\/1"}],"replies":[{"embeddable":true,"href":"https:\/\/www.lva-oz.fr\/index.php?rest_route=%2Fwp%2Fv2%2Fcomments&post=22"}],"version-history":[{"count":17,"href":"https:\/\/www.lva-oz.fr\/index.php?rest_route=\/wp\/v2\/pages\/22\/revisions"}],"predecessor-version":[{"id":780,"href":"https:\/\/www.lva-oz.fr\/index.php?rest_route=\/wp\/v2\/pages\/22\/revisions\/780"}],"wp:attachment":[{"href":"https:\/\/www.lva-oz.fr\/index.php?rest_route=%2Fwp%2Fv2%2Fmedia&parent=22"}],"curies":[{"name":"wp","href":"https:\/\/api.w.org\/{rel}","templated":true}]}}