{"id":18,"date":"2026-01-26T17:00:45","date_gmt":"2026-01-26T16:00:45","guid":{"rendered":"https:\/\/web-mmi.iutbeziers.fr\/marathon_2026\/marathon_2026_08\/wordpress\/?page_id=18"},"modified":"2026-01-29T19:36:24","modified_gmt":"2026-01-29T18:36:24","slug":"projet","status":"publish","type":"page","link":"https:\/\/www.lva-oz.fr\/?page_id=18","title":{"rendered":"Projet"},"content":{"rendered":"\t\t<div data-elementor-type=\"wp-page\" data-elementor-id=\"18\" class=\"elementor elementor-18\">\n\t\t\t\t<div class=\"elementor-element elementor-element-7f545a5 e-con-full e-flex wpr-particle-no wpr-jarallax-no wpr-parallax-no wpr-sticky-section-no e-con e-parent\" data-id=\"7f545a5\" data-element_type=\"container\" data-e-type=\"container\" data-settings=\"{&quot;background_background&quot;:&quot;classic&quot;}\">\n\t\t\t\t<div class=\"elementor-element elementor-element-236c3b6 elementor-widget elementor-widget-text-editor\" data-id=\"236c3b6\" data-element_type=\"widget\" data-e-type=\"widget\" data-widget_type=\"text-editor.default\">\n\t\t\t\t\t\t\t\t\t<p><span style=\"font-weight: 400;\">\u201cCultiver la cr\u00e9ativit\u00e9 pour se reconstruire\u201d<\/span><\/p>\t\t\t\t\t\t\t\t<\/div>\n\t\t\t\t<\/div>\n\t\t<div class=\"elementor-element elementor-element-d1002cd e-flex e-con-boxed wpr-particle-no wpr-jarallax-no wpr-parallax-no wpr-sticky-section-no e-con e-parent\" data-id=\"d1002cd\" data-element_type=\"container\" data-e-type=\"container\" data-settings=\"{&quot;background_background&quot;:&quot;classic&quot;}\">\n\t\t\t\t\t<div class=\"e-con-inner\">\n\t\t<div class=\"elementor-element elementor-element-a4889ab e-con-full e-flex wpr-particle-no wpr-jarallax-no wpr-parallax-no wpr-sticky-section-no e-con e-child\" data-id=\"a4889ab\" data-element_type=\"container\" data-e-type=\"container\">\n\t\t\t\t<div class=\"elementor-element elementor-element-7b6e93b elementor-widget elementor-widget-heading\" data-id=\"7b6e93b\" data-element_type=\"widget\" data-e-type=\"widget\" data-widget_type=\"heading.default\">\n\t\t\t\t\t<h2 class=\"elementor-heading-title elementor-size-default\">Le sens du projet<\/h2>\t\t\t\t<\/div>\n\t\t\t\t<div class=\"elementor-element elementor-element-bd74535 elementor-widget elementor-widget-text-editor\" data-id=\"bd74535\" data-element_type=\"widget\" data-e-type=\"widget\" data-widget_type=\"text-editor.default\">\n\t\t\t\t\t\t\t\t\t<p data-start=\"329\" data-end=\"472\">Le Lieu de Vie et d\u2019Accueil \u00d4z propose un accompagnement \u00e9ducatif \u00e0 taille humaine, fond\u00e9 sur la stabilit\u00e9, la relation et un cadre s\u00e9curisant.<\/p><p data-start=\"474\" data-end=\"717\">Pens\u00e9 comme un lieu de vie avant d\u2019\u00eatre une structure, \u00d4z accueille des enfants confi\u00e9s \u00e0 l\u2019Aide Sociale \u00e0 l\u2019Enfance et leur offre un environnement contenant, respectueux et structurant, favorisant la reconstruction et l\u2019autonomie progressive.<\/p>\t\t\t\t\t\t\t\t<\/div>\n\t\t\t\t<\/div>\n\t\t<div class=\"elementor-element elementor-element-b487d65 e-con-full e-flex wpr-particle-no wpr-jarallax-no wpr-parallax-no wpr-sticky-section-no e-con e-child\" data-id=\"b487d65\" data-element_type=\"container\" data-e-type=\"container\">\n\t\t\t\t<div class=\"elementor-element elementor-element-4fafc9d elementor-widget elementor-widget-image\" data-id=\"4fafc9d\" data-element_type=\"widget\" data-e-type=\"widget\" data-widget_type=\"image.default\">\n\t\t\t\t\t\t\t\t\t\t\t\t\t\t\t<img fetchpriority=\"high\" decoding=\"async\" width=\"1024\" height=\"574\" src=\"https:\/\/www.lva-oz.fr\/wp-content\/uploads\/2026\/01\/ai-generated-8029397-1024x574.png\" class=\"attachment-large size-large wp-image-732\" alt=\"\" srcset=\"https:\/\/www.lva-oz.fr\/wp-content\/uploads\/2026\/01\/ai-generated-8029397-1024x574.png 1024w, https:\/\/www.lva-oz.fr\/wp-content\/uploads\/2026\/01\/ai-generated-8029397-300x168.png 300w, https:\/\/www.lva-oz.fr\/wp-content\/uploads\/2026\/01\/ai-generated-8029397-768x430.png 768w, https:\/\/www.lva-oz.fr\/wp-content\/uploads\/2026\/01\/ai-generated-8029397-1536x861.png 1536w, https:\/\/www.lva-oz.fr\/wp-content\/uploads\/2026\/01\/ai-generated-8029397-2048x1148.png 2048w\" sizes=\"(max-width: 1024px) 100vw, 1024px\" \/>\t\t\t\t\t\t\t\t\t\t\t\t\t\t\t<\/div>\n\t\t\t\t<\/div>\n\t\t\t\t\t<\/div>\n\t\t\t\t<\/div>\n\t\t<div class=\"elementor-element elementor-element-e19ee76 e-flex e-con-boxed wpr-particle-no wpr-jarallax-no wpr-parallax-no wpr-sticky-section-no e-con e-parent\" data-id=\"e19ee76\" data-element_type=\"container\" data-e-type=\"container\">\n\t\t\t\t\t<div class=\"e-con-inner\">\n\t\t\t\t<div class=\"elementor-element elementor-element-93e78d1 elementor-widget elementor-widget-heading\" data-id=\"93e78d1\" data-element_type=\"widget\" data-e-type=\"widget\" data-widget_type=\"heading.default\">\n\t\t\t\t\t<h2 class=\"elementor-heading-title elementor-size-default\">Nos principes \u00e9ducatifs<\/h2>\t\t\t\t<\/div>\n\t\t\t\t<div class=\"elementor-element elementor-element-a5d634b elementor-widget elementor-widget-text-editor\" data-id=\"a5d634b\" data-element_type=\"widget\" data-e-type=\"widget\" data-widget_type=\"text-editor.default\">\n\t\t\t\t\t\t\t\t\t<p data-start=\"752\" data-end=\"927\"><strong data-start=\"752\" data-end=\"790\">Une relation \u00e9ducative s\u00e9curisante<\/strong><br data-start=\"790\" data-end=\"793\" \/>L\u2019accompagnement repose sur une pr\u00e9sence \u00e9ducative constante, une \u00e9coute attentive et un cadre clair, garant de la s\u00e9curit\u00e9 affective.<\/p><p data-start=\"929\" data-end=\"1109\"><strong data-start=\"929\" data-end=\"981\">La confiance dans les capacit\u00e9s de chaque enfant<\/strong><br data-start=\"981\" data-end=\"984\" \/>Chaque enfant est accueilli dans sa singularit\u00e9. L\u2019accompagnement valorise ses ressources et respecte son rythme d\u2019\u00e9volution.<\/p><p data-start=\"1111\" data-end=\"1261\"><strong data-start=\"1111\" data-end=\"1145\">Un cadre stable et structurant<\/strong><br data-start=\"1145\" data-end=\"1148\" \/>Des r\u00e8gles explicites et des rep\u00e8res quotidiens permettent \u00e0 l\u2019enfant de se sentir en s\u00e9curit\u00e9 et de se projeter.<\/p>\t\t\t\t\t\t\t\t<\/div>\n\t\t\t\t<div class=\"elementor-element elementor-element-00664d1 elementor-widget-divider--view-line elementor-widget elementor-widget-divider\" data-id=\"00664d1\" data-element_type=\"widget\" data-e-type=\"widget\" data-widget_type=\"divider.default\">\n\t\t\t\t\t\t\t<div class=\"elementor-divider\">\n\t\t\t<span class=\"elementor-divider-separator\">\n\t\t\t\t\t\t<\/span>\n\t\t<\/div>\n\t\t\t\t\t\t<\/div>\n\t\t\t\t<div class=\"elementor-element elementor-element-dff2b4b elementor-widget elementor-widget-heading\" data-id=\"dff2b4b\" data-element_type=\"widget\" data-e-type=\"widget\" data-widget_type=\"heading.default\">\n\t\t\t\t\t<h2 class=\"elementor-heading-title elementor-size-default\">Le quotidien comme support<\/h2>\t\t\t\t<\/div>\n\t\t\t\t<div class=\"elementor-element elementor-element-4f01c13 elementor-widget elementor-widget-text-editor\" data-id=\"4f01c13\" data-element_type=\"widget\" data-e-type=\"widget\" data-widget_type=\"text-editor.default\">\n\t\t\t\t\t\t\t\t\t<p data-start=\"1299\" data-end=\"1503\">Le quotidien partag\u00e9 constitue le principal support \u00e9ducatif.<br data-start=\"1360\" data-end=\"1363\" \/>Les temps de vie favorisent la socialisation, la responsabilisation et l\u2019apprentissage de l\u2019autonomie, dans un cadre coh\u00e9rent et s\u00e9curisant.<\/p>\t\t\t\t\t\t\t\t<\/div>\n\t\t\t\t\t<\/div>\n\t\t\t\t<\/div>\n\t\t<div class=\"elementor-element elementor-element-dece1de e-flex e-con-boxed wpr-particle-no wpr-jarallax-no wpr-parallax-no wpr-sticky-section-no e-con e-parent\" data-id=\"dece1de\" data-element_type=\"container\" data-e-type=\"container\" data-settings=\"{&quot;background_background&quot;:&quot;classic&quot;}\">\n\t\t\t\t\t<div class=\"e-con-inner\">\n\t\t<div class=\"elementor-element elementor-element-56bec72 e-con-full e-flex wpr-particle-no wpr-jarallax-no wpr-parallax-no wpr-sticky-section-no e-con e-child\" data-id=\"56bec72\" data-element_type=\"container\" data-e-type=\"container\">\n\t\t\t\t<div class=\"elementor-element elementor-element-42486be elementor-widget elementor-widget-image\" data-id=\"42486be\" data-element_type=\"widget\" data-e-type=\"widget\" data-widget_type=\"image.default\">\n\t\t\t\t\t\t\t\t\t\t\t\t\t\t\t<img decoding=\"async\" width=\"1024\" height=\"689\" src=\"https:\/\/www.lva-oz.fr\/wp-content\/uploads\/2026\/01\/children-8049009-1024x689.jpg\" class=\"attachment-large size-large wp-image-749\" alt=\"\" srcset=\"https:\/\/www.lva-oz.fr\/wp-content\/uploads\/2026\/01\/children-8049009-1024x689.jpg 1024w, https:\/\/www.lva-oz.fr\/wp-content\/uploads\/2026\/01\/children-8049009-300x202.jpg 300w, https:\/\/www.lva-oz.fr\/wp-content\/uploads\/2026\/01\/children-8049009-768x517.jpg 768w, https:\/\/www.lva-oz.fr\/wp-content\/uploads\/2026\/01\/children-8049009-1536x1034.jpg 1536w, https:\/\/www.lva-oz.fr\/wp-content\/uploads\/2026\/01\/children-8049009-2048x1378.jpg 2048w\" sizes=\"(max-width: 1024px) 100vw, 1024px\" \/>\t\t\t\t\t\t\t\t\t\t\t\t\t\t\t<\/div>\n\t\t\t\t<\/div>\n\t\t<div class=\"elementor-element elementor-element-cb5660e e-con-full e-flex wpr-particle-no wpr-jarallax-no wpr-parallax-no wpr-sticky-section-no e-con e-child\" data-id=\"cb5660e\" data-element_type=\"container\" data-e-type=\"container\">\n\t\t\t\t<div class=\"elementor-element elementor-element-e053ad5 elementor-widget elementor-widget-heading\" data-id=\"e053ad5\" data-element_type=\"widget\" data-e-type=\"widget\" data-widget_type=\"heading.default\">\n\t\t\t\t\t<h2 class=\"elementor-heading-title elementor-size-default\">Les objectifs du projet<\/h2>\t\t\t\t<\/div>\n\t\t\t\t<div class=\"elementor-element elementor-element-9faa3a6 elementor-widget elementor-widget-text-editor\" data-id=\"9faa3a6\" data-element_type=\"widget\" data-e-type=\"widget\" data-widget_type=\"text-editor.default\">\n\t\t\t\t\t\t\t\t\t<p data-start=\"1534\" data-end=\"1571\">Le projet \u00e9ducatif du LVA \u00d4z vise \u00e0 :<\/p><ul data-start=\"1572\" data-end=\"1738\"><li data-start=\"1572\" data-end=\"1617\"><p data-start=\"1574\" data-end=\"1617\">Assurer la s\u00e9curit\u00e9 affective et physique<\/p><\/li><li data-start=\"1618\" data-end=\"1651\"><p data-start=\"1620\" data-end=\"1651\">Restaurer la confiance en soi<\/p><\/li><li data-start=\"1652\" data-end=\"1689\"><p data-start=\"1654\" data-end=\"1689\">Favoriser l\u2019autonomie progressive<\/p><\/li><li data-start=\"1690\" data-end=\"1738\"><p data-start=\"1692\" data-end=\"1738\">Soutenir le d\u00e9veloppement global de l\u2019enfant<\/p><\/li><\/ul>\t\t\t\t\t\t\t\t<\/div>\n\t\t\t\t<\/div>\n\t\t\t\t\t<\/div>\n\t\t\t\t<\/div>\n\t\t\t\t<\/div>\n\t\t","protected":false},"excerpt":{"rendered":"<p>\u201cCultiver la cr\u00e9ativit\u00e9 pour se reconstruire\u201d Le sens du projet Le Lieu de Vie et d\u2019Accueil \u00d4z propose un accompagnement \u00e9ducatif \u00e0 taille humaine, fond\u00e9 sur la stabilit\u00e9, la relation et un cadre s\u00e9curisant. Pens\u00e9 comme un lieu de vie avant d\u2019\u00eatre une structure, \u00d4z accueille des enfants confi\u00e9s \u00e0 l\u2019Aide Sociale \u00e0 l\u2019Enfance et leur offre un environnement contenant, respectueux et structurant, favorisant la reconstruction et l\u2019autonomie progressive. Nos principes \u00e9ducatifs Une relation \u00e9ducative s\u00e9curisanteL\u2019accompagnement repose sur une pr\u00e9sence \u00e9ducative constante, une \u00e9coute attentive et un cadre clair, garant de la s\u00e9curit\u00e9 affective. La confiance dans les capacit\u00e9s de chaque enfantChaque enfant est accueilli dans sa singularit\u00e9. L\u2019accompagnement valorise ses ressources et respecte son rythme d\u2019\u00e9volution. Un cadre stable et structurantDes r\u00e8gles explicites et des rep\u00e8res quotidiens permettent \u00e0 l\u2019enfant de se sentir en s\u00e9curit\u00e9 et de se projeter. Le quotidien comme support Le quotidien partag\u00e9 constitue le principal support \u00e9ducatif.Les temps de vie favorisent la socialisation, la responsabilisation et l\u2019apprentissage de l\u2019autonomie, dans un cadre coh\u00e9rent et s\u00e9curisant. Les objectifs du projet Le projet \u00e9ducatif du LVA \u00d4z vise \u00e0 : Assurer la s\u00e9curit\u00e9 affective et physique Restaurer la confiance en soi Favoriser l\u2019autonomie progressive Soutenir le d\u00e9veloppement global de l\u2019enfant<\/p>\n","protected":false},"author":1,"featured_media":0,"parent":0,"menu_order":0,"comment_status":"closed","ping_status":"closed","template":"","meta":{"site-sidebar-layout":"no-sidebar","site-content-layout":"","ast-site-content-layout":"full-width-container","site-content-style":"default","site-sidebar-style":"default","ast-global-header-display":"","ast-banner-title-visibility":"","ast-main-header-display":"","ast-hfb-above-header-display":"","ast-hfb-below-header-display":"","ast-hfb-mobile-header-display":"","site-post-title":"disabled","ast-breadcrumbs-content":"","ast-featured-img":"disabled","footer-sml-layout":"","ast-disable-related-posts":"","theme-transparent-header-meta":"","adv-header-id-meta":"","stick-header-meta":"","header-above-stick-meta":"","header-main-stick-meta":"","header-below-stick-meta":"","astra-migrate-meta-layouts":"default","ast-page-background-enabled":"default","ast-page-background-meta":{"desktop":{"background-color":"var(--ast-global-color-5)","background-image":"","background-repeat":"repeat","background-position":"center center","background-size":"auto","background-attachment":"scroll","background-type":"","background-media":"","overlay-type":"","overlay-color":"","overlay-opacity":"","overlay-gradient":""},"tablet":{"background-color":"","background-image":"","background-repeat":"repeat","background-position":"center center","background-size":"auto","background-attachment":"scroll","background-type":"","background-media":"","overlay-type":"","overlay-color":"","overlay-opacity":"","overlay-gradient":""},"mobile":{"background-color":"","background-image":"","background-repeat":"repeat","background-position":"center center","background-size":"auto","background-attachment":"scroll","background-type":"","background-media":"","overlay-type":"","overlay-color":"","overlay-opacity":"","overlay-gradient":""}},"ast-content-background-meta":{"desktop":{"background-color":"var(--ast-global-color-4)","background-image":"","background-repeat":"repeat","background-position":"center center","background-size":"auto","background-attachment":"scroll","background-type":"","background-media":"","overlay-type":"","overlay-color":"","overlay-opacity":"","overlay-gradient":""},"tablet":{"background-color":"var(--ast-global-color-4)","background-image":"","background-repeat":"repeat","background-position":"center center","background-size":"auto","background-attachment":"scroll","background-type":"","background-media":"","overlay-type":"","overlay-color":"","overlay-opacity":"","overlay-gradient":""},"mobile":{"background-color":"var(--ast-global-color-4)","background-image":"","background-repeat":"repeat","background-position":"center center","background-size":"auto","background-attachment":"scroll","background-type":"","background-media":"","overlay-type":"","overlay-color":"","overlay-opacity":"","overlay-gradient":""}},"footnotes":""},"class_list":["post-18","page","type-page","status-publish","hentry"],"_links":{"self":[{"href":"https:\/\/www.lva-oz.fr\/index.php?rest_route=\/wp\/v2\/pages\/18","targetHints":{"allow":["GET"]}}],"collection":[{"href":"https:\/\/www.lva-oz.fr\/index.php?rest_route=\/wp\/v2\/pages"}],"about":[{"href":"https:\/\/www.lva-oz.fr\/index.php?rest_route=\/wp\/v2\/types\/page"}],"author":[{"embeddable":true,"href":"https:\/\/www.lva-oz.fr\/index.php?rest_route=\/wp\/v2\/users\/1"}],"replies":[{"embeddable":true,"href":"https:\/\/www.lva-oz.fr\/index.php?rest_route=%2Fwp%2Fv2%2Fcomments&post=18"}],"version-history":[{"count":118,"href":"https:\/\/www.lva-oz.fr\/index.php?rest_route=\/wp\/v2\/pages\/18\/revisions"}],"predecessor-version":[{"id":762,"href":"https:\/\/www.lva-oz.fr\/index.php?rest_route=\/wp\/v2\/pages\/18\/revisions\/762"}],"wp:attachment":[{"href":"https:\/\/www.lva-oz.fr\/index.php?rest_route=%2Fwp%2Fv2%2Fmedia&parent=18"}],"curies":[{"name":"wp","href":"https:\/\/api.w.org\/{rel}","templated":true}]}}